{"id":2,"date":"2022-02-06T01:28:54","date_gmt":"2022-02-06T06:28:54","guid":{"rendered":"https:\/\/www.finesec.org\/es\/?page_id=2"},"modified":"2026-02-10T20:11:28","modified_gmt":"2026-02-11T01:11:28","slug":"inicio","status":"publish","type":"page","link":"https:\/\/www.finesec.org\/es\/","title":{"rendered":"Inicio"},"content":{"rendered":"<p>[et_pb_section fb_built=\u00bb1&#8243; _builder_version=\u00bb3.0.101&#8243; custom_padding=\u00bb0px|0px|0px|0px\u00bb][et_pb_row custom_padding=\u00bb0px|0px|24px|0px\u00bb _builder_version=\u00bb3.0.101&#8243;][et_pb_column type=\u00bb4_4&#8243; _builder_version=\u00bb3.0.101&#8243; parallax=\u00bboff\u00bb parallax_method=\u00bbon\u00bb][et_pb_gallery gallery_ids=\u00bb1101,1162,1100&#8243; gallery_captions=\u00bb,,\u00bb fullwidth=\u00bbon\u00bb _builder_version=\u00bb3.0.101&#8243; animation_style=\u00bbfade\u00bb auto=\u00bbon\u00bb][\/et_pb_gallery][\/et_pb_column][\/et_pb_row][et_pb_row _builder_version=\u00bb3.0.101&#8243;][et_pb_column type=\u00bb4_4&#8243; _builder_version=\u00bb3.0.101&#8243; parallax=\u00bboff\u00bb parallax_method=\u00bbon\u00bb][et_pb_image src=\u00bbhttps:\/\/www.finesec.org\/es\/wp-content\/uploads\/2026\/02\/WhatsApp-Image-2026-01-28-at-08.25.08.jpeg\u00bb url=\u00bbhttps:\/\/www.finesec.org\/es\/montania_todos\/\u00bb url_new_window=\u00bbon\u00bb _builder_version=\u00bb3.0.101&#8243; max_width=\u00bb61%\u00bb module_alignment=\u00bbcenter\u00bb][\/et_pb_image][\/et_pb_column][\/et_pb_row][et_pb_row _builder_version=\u00bb3.0.101&#8243;][et_pb_column type=\u00bb4_4&#8243; _builder_version=\u00bb3.0.101&#8243; parallax=\u00bboff\u00bb parallax_method=\u00bbon\u00bb][et_pb_image src=\u00bbhttps:\/\/www.finesec.org\/es\/wp-content\/uploads\/2025\/09\/Blue-and-White-Corporate-Business-Agency-Banner-Horizontal-1.png\u00bb url=\u00bbhttps:\/\/www.finesec.org\/es\/#transparencia\u00bb _builder_version=\u00bb3.0.101&#8243;][\/et_pb_image][\/et_pb_column][\/et_pb_row][et_pb_row _builder_version=\u00bb3.0.101&#8243;][et_pb_column type=\u00bb4_4&#8243; _builder_version=\u00bb3.0.101&#8243; parallax=\u00bboff\u00bb parallax_method=\u00bbon\u00bb][et_pb_button button_url=\u00bbhttps:\/\/www.finesec.org\/es\/#transparencia\u00bb button_text=\u00bbIr a Transparencia y Rendici\u00f3n de Cuentas\u00bb button_alignment=\u00bbcenter\u00bb background_layout=\u00bbdark\u00bb _builder_version=\u00bb3.0.101&#8243; custom_button=\u00bbon\u00bb button_text_size=\u00bb23px\u00bb button_bg_color=\u00bb#152B5D\u00bb button_border_width=\u00bb0px\u00bb button_font=\u00bb||||||||\u00bb button_use_icon=\u00bboff\u00bb button_bg_color_hover=\u00bb#75149A\u00bb][\/et_pb_button][\/et_pb_column][\/et_pb_row][et_pb_row _builder_version=\u00bb3.0.101&#8243;][et_pb_column type=\u00bb4_4&#8243; _builder_version=\u00bb3.0.101&#8243; parallax=\u00bboff\u00bb parallax_method=\u00bbon\u00bb][\/et_pb_column][\/et_pb_row][\/et_pb_section][et_pb_section fb_built=\u00bb1&#8243; background_color=\u00bb#e09900&#8243; _builder_version=\u00bb3.0.101&#8243; custom_padding=\u00bb20px|0px|0px|0px\u00bb][et_pb_row custom_padding=\u00bb27px|0px|0px|0px\u00bb _builder_version=\u00bb3.0.101&#8243;][et_pb_column type=\u00bb2_3&#8243; _builder_version=\u00bb3.0.101&#8243; parallax=\u00bboff\u00bb parallax_method=\u00bbon\u00bb][et_pb_text _builder_version=\u00bb3.0.101&#8243;]<\/p>\n<h1><span style=\"color: #ffffff;\">Aprende en nuestro campus virtual<\/span><\/h1>\n<p>[\/et_pb_text][\/et_pb_column][et_pb_column type=\u00bb1_3&#8243; _builder_version=\u00bb3.0.101&#8243; parallax=\u00bboff\u00bb parallax_method=\u00bbon\u00bb][et_pb_button button_url=\u00bbhttps:\/\/www.finesec.org\/campus\/\u00bb url_new_window=\u00bbon\u00bb button_text=\u00bbCampus Virtual\u00bb _builder_version=\u00bb3.0.101&#8243; custom_button=\u00bbon\u00bb button_text_size=\u00bb21px\u00bb button_text_color=\u00bbrgba(0,0,0,0.69)\u00bb button_bg_color=\u00bb#ffffff\u00bb button_border_width=\u00bb0px\u00bb button_font=\u00bb||||||||\u00bb button_icon=\u00bb%%72%%\u00bb][\/et_pb_button][\/et_pb_column][\/et_pb_row][et_pb_row custom_padding=\u00bb6px|0px|27px|0px\u00bb _builder_version=\u00bb3.0.101&#8243;][et_pb_column type=\u00bb4_4&#8243; _builder_version=\u00bb3.0.101&#8243; parallax=\u00bboff\u00bb parallax_method=\u00bbon\u00bb][et_pb_text _builder_version=\u00bb3.0.101&#8243;]<\/p>\n<p><span style=\"font-weight: 400; color: #ffffff;\">Informaci\u00f3n, sensibilizaci\u00f3n y capacitaci\u00f3n en temas de discapacidad.\u00a0<\/span><\/p>\n<p>[\/et_pb_text][\/et_pb_column][\/et_pb_row][\/et_pb_section][et_pb_section fb_built=\u00bb1&#8243; prev_background_color=\u00bb#e09900&#8243; _builder_version=\u00bb3.0.101&#8243; custom_padding=\u00bb54px|0px|4px|0px\u00bb top_divider_style=\u00bbslant2&#8243;][et_pb_row custom_padding=\u00bb78px|0px|27px|0px\u00bb _builder_version=\u00bb3.0.101&#8243;][et_pb_column type=\u00bb4_4&#8243; _builder_version=\u00bb3.0.101&#8243; parallax=\u00bboff\u00bb parallax_method=\u00bbon\u00bb][et_pb_text _builder_version=\u00bb3.0.101&#8243;]<\/p>\n<p style=\"text-align: center;\"><img loading=\"lazy\" decoding=\"async\" src=\"https:\/\/www.finesec.org\/es\/wp-content\/uploads\/2024\/05\/cursos-virtuales.png\" width=\"690\" height=\"345\" alt=\"\" class=\"wp-image-694 aligncenter size-full\" srcset=\"https:\/\/www.finesec.org\/es\/wp-content\/uploads\/2024\/05\/cursos-virtuales.png 690w, https:\/\/www.finesec.org\/es\/wp-content\/uploads\/2024\/05\/cursos-virtuales-300x150.png 300w\" sizes=\"auto, (max-width: 690px) 100vw, 690px\" \/><\/p>\n<p>[\/et_pb_text][\/et_pb_column][\/et_pb_row][et_pb_row _builder_version=\u00bb3.0.101&#8243;][et_pb_column type=\u00bb4_4&#8243; _builder_version=\u00bb3.0.101&#8243; parallax=\u00bboff\u00bb parallax_method=\u00bbon\u00bb][et_pb_text _builder_version=\u00bb3.0.101&#8243; text_font=\u00bb||||||||\u00bb text_font_size=\u00bb22px\u00bb header_font=\u00bb||||||||\u00bb]<\/p>\n<p style=\"text-align: center;\"><strong>APOYO CONDUCTUAL POSITIVO EN PERSONAS CON DISCAPACIDAD INTELECTUAL<\/strong><\/p>\n<p>[\/et_pb_text][\/et_pb_column][\/et_pb_row][et_pb_row _builder_version=\u00bb3.0.101&#8243;][et_pb_column type=\u00bb4_4&#8243; _builder_version=\u00bb3.0.101&#8243; parallax=\u00bboff\u00bb parallax_method=\u00bbon\u00bb][et_pb_image src=\u00bbhttps:\/\/www.finesec.org\/es\/wp-content\/uploads\/2024\/03\/Blue-White-Modern-Business-Facebook-Cover-1.png\u00bb url=\u00bbhttps:\/\/www.finesec.org\/es\/2024\/03\/14\/apoyo-conductual-positivo-en-discapacidad-intelectual\/\u00bb _builder_version=\u00bb3.0.101&#8243;][\/et_pb_image][\/et_pb_column][\/et_pb_row][et_pb_row _builder_version=\u00bb3.0.101&#8243;][et_pb_column type=\u00bb4_4&#8243; _builder_version=\u00bb3.0.101&#8243; parallax=\u00bboff\u00bb parallax_method=\u00bbon\u00bb][et_pb_text _builder_version=\u00bb3.0.101&#8243; text_font=\u00bb||||||||\u00bb text_font_size=\u00bb22px\u00bb header_font=\u00bb||||||||\u00bb]<\/p>\n<p style=\"text-align: center;\"><strong>PLANIFICACI\u00d3N CENTRADA EN LA PERSONA CON DISCAPACIDAD INTELECTUAL<\/strong><\/p>\n<p style=\"text-align: center;\"><strong><\/strong><\/p>\n<p>[\/et_pb_text][et_pb_image src=\u00bbhttps:\/\/www.finesec.org\/es\/wp-content\/uploads\/2024\/06\/curso-2.png\u00bb url=\u00bbhttps:\/\/www.finesec.org\/es\/2024\/05\/05\/planificacion-centrada-persona-discapacidad-intelectual\/\u00bb _builder_version=\u00bb3.0.101&#8243;][\/et_pb_image][et_pb_divider color=\u00bb#848484&#8243; show_divider=\u00bbon\u00bb _builder_version=\u00bb3.0.101&#8243;][\/et_pb_divider][\/et_pb_column][\/et_pb_row][et_pb_row _builder_version=\u00bb3.0.101&#8243;][et_pb_column type=\u00bb4_4&#8243; _builder_version=\u00bb3.0.101&#8243; parallax=\u00bboff\u00bb parallax_method=\u00bbon\u00bb][et_pb_text _builder_version=\u00bb3.0.101&#8243;]<\/p>\n<p style=\"text-align: center;\"><a href=\"https:\/\/www.finesec.org\/wp\" target=\"_blank\" rel=\"noopener noreferrer\" title=\"Finesec APP\"><img loading=\"lazy\" decoding=\"async\" src=\"https:\/\/www.finesec.org\/es\/wp-content\/uploads\/2025\/06\/White-Minimalist-Corporate-Personal-Profile-LinkedIn-Banner.jpg\" width=\"792\" height=\"198\" alt=\"\" class=\"wp-image-1177 alignnone size-full\" srcset=\"https:\/\/www.finesec.org\/es\/wp-content\/uploads\/2025\/06\/White-Minimalist-Corporate-Personal-Profile-LinkedIn-Banner.jpg 792w, https:\/\/www.finesec.org\/es\/wp-content\/uploads\/2025\/06\/White-Minimalist-Corporate-Personal-Profile-LinkedIn-Banner-300x75.jpg 300w, https:\/\/www.finesec.org\/es\/wp-content\/uploads\/2025\/06\/White-Minimalist-Corporate-Personal-Profile-LinkedIn-Banner-768x192.jpg 768w\" sizes=\"auto, (max-width: 792px) 100vw, 792px\" \/><\/a><\/p>\n<p>[\/et_pb_text][\/et_pb_column][\/et_pb_row][et_pb_row custom_padding=\u00bb27px|0px|0px|0px\u00bb _builder_version=\u00bb3.0.101&#8243;][et_pb_column type=\u00bb4_4&#8243; _builder_version=\u00bb3.0.101&#8243; parallax=\u00bboff\u00bb parallax_method=\u00bbon\u00bb][et_pb_text _builder_version=\u00bb3.0.101&#8243;]<\/p>\n<h4 style=\"text-align: center;\"><strong data-sider-select-id=\"bb0d811e-a1b5-4331-87d9-41a6e6c94134\">Fundaci\u00f3n Pro Integraci\u00f3n Educativa y Social del Ecuador &#8211; FINESEC<\/strong><\/h4>\n<p>[\/et_pb_text][et_pb_divider show_divider=\u00bbon\u00bb _builder_version=\u00bb3.0.101&#8243;][\/et_pb_divider][\/et_pb_column][\/et_pb_row][et_pb_row _builder_version=\u00bb3.0.101&#8243;][et_pb_column type=\u00bb4_4&#8243; _builder_version=\u00bb3.0.101&#8243; parallax=\u00bboff\u00bb parallax_method=\u00bbon\u00bb][et_pb_gallery gallery_ids=\u00bb186&#8243; fullwidth=\u00bbon\u00bb _builder_version=\u00bb3.0.101&#8243; animation_style=\u00bbzoom\u00bb auto=\u00bbon\u00bb][\/et_pb_gallery][\/et_pb_column][\/et_pb_row][\/et_pb_section][et_pb_section fb_built=\u00bb1&#8243; _builder_version=\u00bb3.0.101&#8243; custom_padding=\u00bb0px|0px|18px|0px\u00bb][et_pb_row _builder_version=\u00bb3.0.101&#8243;][et_pb_column type=\u00bb1_2&#8243; _builder_version=\u00bb3.0.101&#8243; parallax=\u00bboff\u00bb parallax_method=\u00bbon\u00bb][et_pb_text _builder_version=\u00bb3.0.101&#8243;]<\/p>\n<p style=\"text-align: justify;\">Partiendo de un modelo de atenci\u00f3n centrada en la persona, el Centro Diurno de <strong>FINESEC<\/strong> se forja como un recurso de atenci\u00f3n especializada abierto a la comunidad, cuya finalidad fundamental es contribuir a la mejora de la calidad de vida de cada persona con discapacidad, desde la escucha de sus intereses y demandas y promoviendo la autodeterminaci\u00f3n y la vida independiente.<\/p>\n<p>[\/et_pb_text][\/et_pb_column][et_pb_column type=\u00bb1_2&#8243; _builder_version=\u00bb3.0.101&#8243; parallax=\u00bboff\u00bb parallax_method=\u00bbon\u00bb][et_pb_text _builder_version=\u00bb3.0.101&#8243;]<\/p>\n<p style=\"text-align: justify;\"><strong>FINESEC<\/strong> para la prestaci\u00f3n de sus servicios \u00a0se articula a trav\u00e9s de los Planes de Apoyo Individualizados (PAI) de cada persona usuaria. Los objetivos son promover la participaci\u00f3n social y laboral de las personas con discapacidad por medio de la gesti\u00f3n y apoyo en oportunidades significativas; transmitir al entorno sociofamiliar y laboral el potencial de las personas con discapacidad intelectual como miembros activos de la sociedad; fomentar el establecimiento y\/o mantenimiento de v\u00ednculos sociales de las personas usuarias con su familia y la comunidad.<\/p>\n<p>[\/et_pb_text][\/et_pb_column][\/et_pb_row][\/et_pb_section][et_pb_section fb_built=\u00bb1&#8243; inner_shadow=\u00bbon\u00bb fullwidth=\u00bbon\u00bb _builder_version=\u00bb3.0.101&#8243; background_image=\u00bbhttps:\/\/www.finesec.org\/es\/wp-content\/uploads\/2022\/03\/foto-para-lema.jpg\u00bb parallax=\u00bbon\u00bb][et_pb_fullwidth_header title=\u00bbLema\u00bb subhead=\u00bbLo que estamos formando: Es una sociedad inclusiva \u00bb background_layout=\u00bbdark\u00bb header_fullscreen=\u00bbon\u00bb background_overlay_color=\u00bbrgba(75,140,193,0.54)\u00bb _builder_version=\u00bb3.0.101&#8243; title_font=\u00bb||||||||\u00bb title_font_size=\u00bb50px\u00bb content_font=\u00bb||||||||\u00bb content_font_size=\u00bb13px\u00bb subhead_font=\u00bb||||||||\u00bb subhead_font_size=\u00bb22px\u00bb text_shadow_style=\u00bbpreset1&#8243;][\/et_pb_fullwidth_header][\/et_pb_section][et_pb_section fb_built=\u00bb1&#8243; _builder_version=\u00bb3.0.101&#8243; custom_padding=\u00bb54px|0px|2px|0px\u00bb][et_pb_row custom_padding=\u00bb27px|0px|0px|0px\u00bb _builder_version=\u00bb3.0.101&#8243;][et_pb_column type=\u00bb4_4&#8243; _builder_version=\u00bb3.0.101&#8243; parallax=\u00bboff\u00bb parallax_method=\u00bbon\u00bb][et_pb_text _builder_version=\u00bb3.0.101&#8243;]<\/p>\n<h2 style=\"text-align: left;\"><strong><span style=\"color: #000000;\">Nuestro equipo de especialistas<\/span><\/strong><\/h2>\n<p>[\/et_pb_text][\/et_pb_column][\/et_pb_row][et_pb_row _builder_version=\u00bb3.0.101&#8243;][et_pb_column type=\u00bb1_3&#8243; _builder_version=\u00bb3.0.101&#8243; parallax=\u00bboff\u00bb parallax_method=\u00bbon\u00bb][et_pb_text _builder_version=\u00bb3.0.101&#8243;]<\/p>\n<blockquote>\n<p>Psic\u00f3logos<\/p>\n<p>M\u00e9dico<\/p>\n<p>Terapistas de lenguaje<\/p>\n<p>Terapistas ocupacionales<\/p>\n<p>Terapistas f\u00edsicos<\/p>\n<p>Facilitadores<\/p>\n<p>Auxiliares de Facilitaci\u00f3n<\/p>\n<p>Voluntarios nacionales e internacionales<\/p>\n<\/blockquote>\n<p>[\/et_pb_text][\/et_pb_column][et_pb_column type=\u00bb2_3&#8243; _builder_version=\u00bb3.0.101&#8243; parallax=\u00bboff\u00bb parallax_method=\u00bbon\u00bb][et_pb_gallery gallery_ids=\u00bb1119,1117,1109,903,1108,1113,1114,1115,1116,1120&#8243; gallery_captions=\u00bb,,,,,,,,,\u00bb fullwidth=\u00bbon\u00bb _builder_version=\u00bb3.0.101&#8243;][\/et_pb_gallery][\/et_pb_column][\/et_pb_row][et_pb_row _builder_version=\u00bb3.0.101&#8243;][et_pb_column type=\u00bb4_4&#8243; _builder_version=\u00bb3.0.101&#8243; parallax=\u00bboff\u00bb parallax_method=\u00bbon\u00bb][et_pb_text _builder_version=\u00bb3.0.101&#8243;]<\/p>\n<h2 style=\"text-align: right;\"><strong>Nuestros Usuarios<\/strong><\/h2>\n<p>[\/et_pb_text][\/et_pb_column][\/et_pb_row][et_pb_row _builder_version=\u00bb3.0.101&#8243;][et_pb_column type=\u00bb1_2&#8243; _builder_version=\u00bb3.0.101&#8243; parallax=\u00bboff\u00bb parallax_method=\u00bbon\u00bb][et_pb_gallery gallery_ids=\u00bb912,1129,919,1130,920,921,922,928,930,916,1131&#8243; gallery_captions=\u00bb,,,,,,,,,,\u00bb fullwidth=\u00bbon\u00bb _builder_version=\u00bb3.0.101&#8243;][\/et_pb_gallery][\/et_pb_column][et_pb_column type=\u00bb1_2&#8243; _builder_version=\u00bb3.0.101&#8243; parallax=\u00bboff\u00bb parallax_method=\u00bbon\u00bb][et_pb_text _builder_version=\u00bb3.0.101&#8243;]<\/p>\n<p style=\"text-align: right;\"><strong>\u00a0<\/strong><\/p>\n<p style=\"text-align: left;\"><strong>\u00a0<\/strong><\/p>\n<p style=\"text-align: justify;\">Personas con discapacidad intelectual, autismo y par\u00e1lisis cerebral, con necesidades de apoyo extenso y generalizado.<\/p>\n<p style=\"text-align: left;\">Edad de 10 a 65 a\u00f1os.<\/p>\n<p>[\/et_pb_text][\/et_pb_column][\/et_pb_row][\/et_pb_section][et_pb_section fb_built=\u00bb1&#8243; fullwidth=\u00bbon\u00bb _builder_version=\u00bb3.0.101&#8243; background_image=\u00bbhttps:\/\/www.finesec.org\/es\/wp-content\/uploads\/2022\/02\/writing-g215e71068_1280.jpg\u00bb parallax=\u00bbon\u00bb][et_pb_fullwidth_header title=\u00bbTransparencia y Rendici\u00f3n de Cuentas\u00bb background_layout=\u00bbdark\u00bb header_fullscreen=\u00bbon\u00bb background_overlay_color=\u00bbrgba(224,156,11,0.4)\u00bb _builder_version=\u00bb3.0.101&#8243; title_font=\u00bb||||||||\u00bb title_font_size=\u00bb40px\u00bb content_font=\u00bb||||||||\u00bb content_font_size=\u00bb20px\u00bb subhead_font=\u00bb||||||||\u00bb text_shadow_style=\u00bbpreset1&#8243;]<\/p>\n<h3 id=\"transparencia\">[\/et_pb_fullwidth_header][\/et_pb_section][et_pb_section fb_built=\u00bb1&#8243; _builder_version=\u00bb3.0.101&#8243;][et_pb_row _builder_version=\u00bb3.0.101&#8243;][et_pb_column type=\u00bb4_4&#8243; _builder_version=\u00bb3.0.101&#8243; parallax=\u00bboff\u00bb parallax_method=\u00bbon\u00bb][et_pb_text _builder_version=\u00bb3.0.101&#8243;]<\/p>\n<p style=\"text-align: justify;\"><span style=\"color: #000000;\">En <strong>FINESEC<\/strong> creemos que la confianza se construye con acciones claras y responsables. Por eso, ponemos a disposici\u00f3n de nuestra comunidad, familias, aliados y la sociedad en general, informaci\u00f3n actualizada sobre nuestra gesti\u00f3n, recursos y resultados.<\/span><\/p>\n<p style=\"text-align: justify;\"><span style=\"color: #000000;\">Nuestro compromiso es garantizar que cada aporte, esfuerzo y recurso invertido en la atenci\u00f3n de personas con discapacidad se utilice de manera eficiente, \u00e9tica y en beneficio directo de nuestros usuarios y sus familias.<\/span><\/p>\n<p>[\/et_pb_text][\/et_pb_column][\/et_pb_row][et_pb_row _builder_version=\u00bb3.0.101&#8243;][et_pb_column type=\u00bb4_4&#8243; _builder_version=\u00bb3.0.101&#8243; parallax=\u00bboff\u00bb parallax_method=\u00bbon\u00bb][et_pb_tabs active_tab_background_color=\u00bb#721B96&#8243; inactive_tab_background_color=\u00bb#152B5C\u00bb _builder_version=\u00bb3.0.101&#8243; tab_font=\u00bb||||||||\u00bb tab_text_color=\u00bb#ffffff\u00bb][et_pb_tab title=\u00bbAcuerdo Ministerial\u00bb _builder_version=\u00bb3.0.101&#8243;]<\/p>\n<p style=\"text-align: center;\"><img loading=\"lazy\" decoding=\"async\" src=\"https:\/\/www.finesec.org\/es\/wp-content\/uploads\/2025\/09\/acuerdo-ministerial-1.png\" width=\"990\" height=\"248\" alt=\"\" class=\"wp-image-1284 alignnone size-full\" srcset=\"https:\/\/www.finesec.org\/es\/wp-content\/uploads\/2025\/09\/acuerdo-ministerial-1.png 990w, https:\/\/www.finesec.org\/es\/wp-content\/uploads\/2025\/09\/acuerdo-ministerial-1-300x75.png 300w, https:\/\/www.finesec.org\/es\/wp-content\/uploads\/2025\/09\/acuerdo-ministerial-1-768x192.png 768w\" sizes=\"auto, (max-width: 990px) 100vw, 990px\" \/><\/p>\n<p style=\"text-align: center;\">\n<center><\/center><\/p>\n<p style=\"text-align: center;\">[\/et_pb_tab][et_pb_tab title=\u00bbPermiso de Funcionamiento\u00bb _builder_version=\u00bb3.0.101&#8243;]<\/p>\n<p style=\"text-align: center;\"><img loading=\"lazy\" decoding=\"async\" src=\"https:\/\/www.finesec.org\/es\/wp-content\/uploads\/2025\/09\/permiso_funcionamiento.png\" width=\"1584\" height=\"396\" alt=\"\" class=\"wp-image-1315 alignnone size-full\" srcset=\"https:\/\/www.finesec.org\/es\/wp-content\/uploads\/2025\/09\/permiso_funcionamiento.png 1584w, https:\/\/www.finesec.org\/es\/wp-content\/uploads\/2025\/09\/permiso_funcionamiento-300x75.png 300w, https:\/\/www.finesec.org\/es\/wp-content\/uploads\/2025\/09\/permiso_funcionamiento-1024x256.png 1024w, https:\/\/www.finesec.org\/es\/wp-content\/uploads\/2025\/09\/permiso_funcionamiento-768x192.png 768w, https:\/\/www.finesec.org\/es\/wp-content\/uploads\/2025\/09\/permiso_funcionamiento-1536x384.png 1536w, https:\/\/www.finesec.org\/es\/wp-content\/uploads\/2025\/09\/permiso_funcionamiento-1080x270.png 1080w\" sizes=\"auto, (max-width: 1584px) 100vw, 1584px\" \/><\/p>\n<p><center><\/center><\/p>\n<p style=\"text-align: center;\">[\/et_pb_tab][et_pb_tab title=\u00bbRegistro Aliado Solidario\u00bb _builder_version=\u00bb3.0.101&#8243;]<\/p>\n<p style=\"text-align: center;\"><img loading=\"lazy\" decoding=\"async\" src=\"https:\/\/www.finesec.org\/es\/wp-content\/uploads\/2025\/09\/RAS-1.png\" width=\"990\" height=\"248\" alt=\"\" class=\"wp-image-1298 alignnone size-full\" srcset=\"https:\/\/www.finesec.org\/es\/wp-content\/uploads\/2025\/09\/RAS-1.png 990w, https:\/\/www.finesec.org\/es\/wp-content\/uploads\/2025\/09\/RAS-1-300x75.png 300w, https:\/\/www.finesec.org\/es\/wp-content\/uploads\/2025\/09\/RAS-1-768x192.png 768w\" sizes=\"auto, (max-width: 990px) 100vw, 990px\" \/><\/p>\n<p style=\"text-align: center;\"><CENTER><\/CENTER><\/p>\n<p>[\/et_pb_tab][et_pb_tab title=\u00bbDirectiva\u00bb _builder_version=\u00bb3.0.101&#8243;]<\/p>\n<p style=\"text-align: center;\"><img loading=\"lazy\" decoding=\"async\" src=\"https:\/\/www.finesec.org\/es\/wp-content\/uploads\/2025\/09\/DIRECTIVA-1.png\" width=\"990\" height=\"248\" alt=\"\" class=\"wp-image-1299 alignnone size-full\" srcset=\"https:\/\/www.finesec.org\/es\/wp-content\/uploads\/2025\/09\/DIRECTIVA-1.png 990w, https:\/\/www.finesec.org\/es\/wp-content\/uploads\/2025\/09\/DIRECTIVA-1-300x75.png 300w, https:\/\/www.finesec.org\/es\/wp-content\/uploads\/2025\/09\/DIRECTIVA-1-768x192.png 768w\" sizes=\"auto, (max-width: 990px) 100vw, 990px\" \/><\/p>\n<p style=\"text-align: center;\"><CENTER><\/CENTER><\/p>\n<p>[\/et_pb_tab][et_pb_tab title=\u00bbConvenios\u00bb _builder_version=\u00bb3.0.101&#8243;]<\/p>\n<p style=\"text-align: center;\"><img loading=\"lazy\" decoding=\"async\" src=\"https:\/\/www.finesec.org\/es\/wp-content\/uploads\/2025\/10\/banner-para-LinkedIn-portada-moderno-profesional-1.png\" width=\"1584\" height=\"396\" alt=\"\" class=\"wp-image-1383 alignnone size-full\" srcset=\"https:\/\/www.finesec.org\/es\/wp-content\/uploads\/2025\/10\/banner-para-LinkedIn-portada-moderno-profesional-1.png 1584w, https:\/\/www.finesec.org\/es\/wp-content\/uploads\/2025\/10\/banner-para-LinkedIn-portada-moderno-profesional-1-300x75.png 300w, https:\/\/www.finesec.org\/es\/wp-content\/uploads\/2025\/10\/banner-para-LinkedIn-portada-moderno-profesional-1-1024x256.png 1024w, https:\/\/www.finesec.org\/es\/wp-content\/uploads\/2025\/10\/banner-para-LinkedIn-portada-moderno-profesional-1-768x192.png 768w, https:\/\/www.finesec.org\/es\/wp-content\/uploads\/2025\/10\/banner-para-LinkedIn-portada-moderno-profesional-1-1536x384.png 1536w, https:\/\/www.finesec.org\/es\/wp-content\/uploads\/2025\/10\/banner-para-LinkedIn-portada-moderno-profesional-1-1080x270.png 1080w\" sizes=\"auto, (max-width: 1584px) 100vw, 1584px\" \/><\/p>\n<p style=\"text-align: justify;\"><span style=\"color: #000000;\">Los convenios de articulaci\u00f3n entre el Centro Diurno FINESEC y diversas instituciones, universidades y organismos p\u00fablicos y privados constituyen un pilar fundamental para el cumplimiento de la misi\u00f3n y objetivos institucionales. Estas alianzas estrat\u00e9gicas fortalecen el trabajo interdisciplinario, promueven la inclusi\u00f3n social de las personas con discapacidad y sus familias, y posibilitan el desarrollo de proyectos conjuntos orientados a mejorar su calidad de vida. A trav\u00e9s de esta cooperaci\u00f3n, FINESEC consolida su compromiso con una atenci\u00f3n integral, participativa y de calidad, potenciando las oportunidades de aprendizaje, formaci\u00f3n y vinculaci\u00f3n comunitaria de sus usuarios.<\/span><\/p>\n<p>\u00a0<\/p>\n<p><center><\/center><center><\/center><center><\/center><center><\/center><center><\/p>\n<hr>\n<p><\/center><center><\/center><center><\/center><center><\/center><center><\/p>\n<hr>\n<p><\/center>[\/et_pb_tab][et_pb_tab title=\u00bbRuc\u00bb _builder_version=\u00bb3.0.101&#8243;]<\/p>\n<p style=\"text-align: center;\"><img loading=\"lazy\" decoding=\"async\" src=\"https:\/\/www.finesec.org\/es\/wp-content\/uploads\/2025\/09\/ruc.png\" width=\"990\" height=\"248\" alt=\"\" class=\"wp-image-1300 alignnone size-full\" srcset=\"https:\/\/www.finesec.org\/es\/wp-content\/uploads\/2025\/09\/ruc.png 990w, https:\/\/www.finesec.org\/es\/wp-content\/uploads\/2025\/09\/ruc-300x75.png 300w, https:\/\/www.finesec.org\/es\/wp-content\/uploads\/2025\/09\/ruc-768x192.png 768w\" sizes=\"auto, (max-width: 990px) 100vw, 990px\" \/><\/p>\n<p style=\"text-align: center;\"><CENTER><\/CENTER><\/p>\n<p>[\/et_pb_tab][et_pb_tab title=\u00bbEstatuto 1&#8243; _builder_version=\u00bb3.0.101&#8243;]<\/p>\n<p style=\"text-align: center;\"><img loading=\"lazy\" decoding=\"async\" src=\"https:\/\/www.finesec.org\/es\/wp-content\/uploads\/2025\/09\/ESTATUTO-1.png\" width=\"990\" height=\"248\" alt=\"\" class=\"wp-image-1301 alignnone size-full\" srcset=\"https:\/\/www.finesec.org\/es\/wp-content\/uploads\/2025\/09\/ESTATUTO-1.png 990w, https:\/\/www.finesec.org\/es\/wp-content\/uploads\/2025\/09\/ESTATUTO-1-300x75.png 300w, https:\/\/www.finesec.org\/es\/wp-content\/uploads\/2025\/09\/ESTATUTO-1-768x192.png 768w\" sizes=\"auto, (max-width: 990px) 100vw, 990px\" \/><\/p>\n<p style=\"text-align: center;\"><CENTER><\/CENTER><\/p>\n<p>[\/et_pb_tab][et_pb_tab title=\u00bbEstatuto 2&#8243; _builder_version=\u00bb3.0.101&#8243;]<\/p>\n<p style=\"text-align: center;\"><img loading=\"lazy\" decoding=\"async\" src=\"https:\/\/www.finesec.org\/es\/wp-content\/uploads\/2025\/09\/ESTATUTO-1.png\" width=\"990\" height=\"248\" alt=\"\" class=\"wp-image-1301 alignnone size-full\" srcset=\"https:\/\/www.finesec.org\/es\/wp-content\/uploads\/2025\/09\/ESTATUTO-1.png 990w, https:\/\/www.finesec.org\/es\/wp-content\/uploads\/2025\/09\/ESTATUTO-1-300x75.png 300w, https:\/\/www.finesec.org\/es\/wp-content\/uploads\/2025\/09\/ESTATUTO-1-768x192.png 768w\" sizes=\"auto, (max-width: 990px) 100vw, 990px\" \/><\/p>\n<p><center><\/center><\/p>\n<p>[\/et_pb_tab][et_pb_tab title=\u00bbSUIOS\u00bb _builder_version=\u00bb3.0.101&#8243;]<\/p>\n<p style=\"text-align: center;\"><img loading=\"lazy\" decoding=\"async\" src=\"https:\/\/www.finesec.org\/es\/wp-content\/uploads\/2025\/09\/suios-1.png\" width=\"990\" height=\"248\" alt=\"\" class=\"wp-image-1304 alignnone size-full\" srcset=\"https:\/\/www.finesec.org\/es\/wp-content\/uploads\/2025\/09\/suios-1.png 990w, https:\/\/www.finesec.org\/es\/wp-content\/uploads\/2025\/09\/suios-1-300x75.png 300w, https:\/\/www.finesec.org\/es\/wp-content\/uploads\/2025\/09\/suios-1-768x192.png 768w\" sizes=\"auto, (max-width: 990px) 100vw, 990px\" \/><\/p>\n<p style=\"text-align: justify;\"><span style=\"color: #000000;\">Para poder visualizar la informaci\u00f3n de <strong>FINESEC<\/strong> en la plataforma de SUIOS, realizamos los siguientes pasos:<\/span><\/p>\n<ul>\n<li style=\"text-align: justify;\"><span style=\"color: #000000;\">Ingresamos al siguiente Link: <a href=\"https:\/\/sociedadcivil.gob.ec\/nuevo_directorio\" target=\"_blank\" rel=\"noopener noreferrer\" style=\"color: #000000;\">Enlace<\/a><\/span><\/li>\n<li style=\"text-align: justify;\"><span style=\"color: #000000;\">Obtenemos la siguiente ventana<\/span><\/li>\n<\/ul>\n<p style=\"text-align: center;\"><span style=\"color: #000000;\"><img loading=\"lazy\" decoding=\"async\" src=\"https:\/\/www.finesec.org\/es\/wp-content\/uploads\/2025\/09\/suios1.png\" width=\"1506\" height=\"855\" alt=\"\" class=\"wp-image-1305 alignnone size-full\" srcset=\"https:\/\/www.finesec.org\/es\/wp-content\/uploads\/2025\/09\/suios1.png 1506w, https:\/\/www.finesec.org\/es\/wp-content\/uploads\/2025\/09\/suios1-300x170.png 300w, https:\/\/www.finesec.org\/es\/wp-content\/uploads\/2025\/09\/suios1-1024x581.png 1024w, https:\/\/www.finesec.org\/es\/wp-content\/uploads\/2025\/09\/suios1-768x436.png 768w, https:\/\/www.finesec.org\/es\/wp-content\/uploads\/2025\/09\/suios1-1080x613.png 1080w\" sizes=\"auto, (max-width: 1506px) 100vw, 1506px\" \/><\/span><\/p>\n<ul>\n<li style=\"text-align: justify;\"><span style=\"color: #000000;\">En\u00a0<strong>Nombre de la Organizaci\u00f3n,<\/strong> digitamos: <strong>FINESEC,\u00a0<\/strong>y presionamos\u00a0<strong>Buscar<\/strong><\/span><\/li>\n<li style=\"text-align: justify;\"><span style=\"color: #000000;\">Obtenemos la siguiente ventana, donde podemos descargar la informaci\u00f3n respectiva<\/span><\/li>\n<\/ul>\n<p style=\"text-align: center;\"><img loading=\"lazy\" decoding=\"async\" src=\"https:\/\/www.finesec.org\/es\/wp-content\/uploads\/2025\/09\/suios2.png\" width=\"705\" height=\"464\" alt=\"\" class=\"wp-image-1306 alignnone size-full\" srcset=\"https:\/\/www.finesec.org\/es\/wp-content\/uploads\/2025\/09\/suios2.png 705w, https:\/\/www.finesec.org\/es\/wp-content\/uploads\/2025\/09\/suios2-300x197.png 300w\" sizes=\"auto, (max-width: 705px) 100vw, 705px\" \/><\/p>\n<p>[\/et_pb_tab][\/et_pb_tabs][\/et_pb_column][\/et_pb_row][\/et_pb_section][et_pb_section fb_built=\u00bb1&#8243; background_color=\u00bbrgba(131,0,233,0.54)\u00bb _builder_version=\u00bb3.0.101&#8243;][et_pb_row _builder_version=\u00bb3.0.101&#8243;][et_pb_column type=\u00bb1_2&#8243; _builder_version=\u00bb3.0.101&#8243; parallax=\u00bboff\u00bb parallax_method=\u00bbon\u00bb][et_pb_text _builder_version=\u00bb3.0.101&#8243;]<iframe src=\"https:\/\/www.google.com\/maps\/embed?pb=!1m18!1m12!1m3!1d3484.1333334195087!2d-78.50106454420461!3d-0.12343300155493976!2m3!1f0!2f0!3f0!3m2!1i1024!2i768!4f13.1!3m3!1m2!1s0x91d585e55b5b944f%3A0x67e5b5494339c1f7!2sFINESEC!5e1!3m2!1ses!2sec!4v1644869243374!5m2!1ses!2sec\" width=\"600\" height=\"450\" style=\"border:0;\" allowfullscreen=\"\" loading=\"lazy\"><\/iframe>[\/et_pb_text][\/et_pb_column][et_pb_column type=\u00bb1_2&#8243; _builder_version=\u00bb3.0.101&#8243; parallax=\u00bboff\u00bb parallax_method=\u00bbon\u00bb][et_pb_contact_form captcha=\u00bboff\u00bb email=\u00bbfinesec2012@gmail.com\u00bb title=\u00bbCont\u00e1ctenos\u00bb custom_message=\u00bbMensaje enviado desde el formulario de contacto de la web: sofcavi.com||et_pb_line_break_holder||||et_pb_line_break_holder||Nombre: %%Name%%||et_pb_line_break_holder||||et_pb_line_break_holder||Email: %%Email%%||et_pb_line_break_holder||||et_pb_line_break_holder||Celular: %%telefono%%||et_pb_line_break_holder||||et_pb_line_break_holder||Mensaje: %%Message%%\u00bb success_message=\u00bbMuy pronto un asesor se comunicar\u00e1 con usted\u00bb submit_button_text=\u00bbEnviar\u00bb form_background_color=\u00bb#ffffff\u00bb module_id=\u00bbet_pb_contact_form_0&#8243; _builder_version=\u00bb3.0.101&#8243; title_font=\u00bb||||||||\u00bb title_text_color=\u00bb#ffffff\u00bb form_field_font=\u00bb||||||||\u00bb form_field_text_align=\u00bbleft\u00bb form_field_text_color=\u00bb#afafaf\u00bb form_field_line_height=\u00bb1em\u00bb custom_button=\u00bbon\u00bb button_text_size=\u00bb18px\u00bb button_text_color=\u00bb#ffffff\u00bb button_bg_color=\u00bb#0c71c3&#8243; button_border_width=\u00bb0px\u00bb button_font=\u00bb||||||||\u00bb button_use_icon=\u00bboff\u00bb button_text_color_hover=\u00bb#000000&#8243; button_bg_color_hover=\u00bb#ffffff\u00bb][et_pb_contact_field field_id=\u00bbName\u00bb field_title=\u00bbNombre\u00bb _builder_version=\u00bb3.0.101&#8243; border_radii=\u00bbon||||\u00bb][\/et_pb_contact_field][et_pb_contact_field field_id=\u00bbtelefono\u00bb field_title=\u00bbTel\u00e9fono\u00bb required_mark=\u00bboff\u00bb _builder_version=\u00bb3.0.101&#8243;][\/et_pb_contact_field][et_pb_contact_field field_id=\u00bbEmail\u00bb field_title=\u00bbDirecci\u00f3n de correo electr\u00f3nico\u00bb field_type=\u00bbemail\u00bb fullwidth_field=\u00bbon\u00bb _builder_version=\u00bb3.0.101&#8243; border_radii=\u00bbon||||\u00bb][\/et_pb_contact_field][et_pb_contact_field field_id=\u00bbMessage\u00bb field_title=\u00bbMensaje\u00bb field_type=\u00bbtext\u00bb fullwidth_field=\u00bbon\u00bb _builder_version=\u00bb3.0.47&#8243; border_radii=\u00bbon||||\u00bb][\/et_pb_contact_field][\/et_pb_contact_form][\/et_pb_column][\/et_pb_row][et_pb_row make_equal=\u00bbon\u00bb _builder_version=\u00bb3.0.101&#8243;][et_pb_column type=\u00bb1_2&#8243; _builder_version=\u00bb3.0.101&#8243; parallax=\u00bboff\u00bb parallax_method=\u00bbon\u00bb][et_pb_text _builder_version=\u00bb3.0.101&#8243;]<\/p>\n<p style=\"text-align: center;\"><a href=\"https:\/\/www.consejodiscapacidades.gob.ec\/\" target=\"_blank\" rel=\"noopener noreferrer\" title=\"CONADIS\"><img loading=\"lazy\" decoding=\"async\" src=\"https:\/\/www.finesec.org\/es\/wp-content\/uploads\/2022\/03\/conadis.jpg\" alt=\"\" class=\"wp-image-469 alignnone size-full\" width=\"305\" height=\"140\" srcset=\"https:\/\/www.finesec.org\/es\/wp-content\/uploads\/2022\/03\/conadis.jpg 305w, https:\/\/www.finesec.org\/es\/wp-content\/uploads\/2022\/03\/conadis-300x138.jpg 300w\" sizes=\"auto, (max-width: 305px) 100vw, 305px\" \/><\/a><\/p>\n<p>[\/et_pb_text][\/et_pb_column][et_pb_column type=\u00bb1_2&#8243; _builder_version=\u00bb3.0.101&#8243; parallax=\u00bboff\u00bb parallax_method=\u00bbon\u00bb][et_pb_text _builder_version=\u00bb3.0.101&#8243;]<\/p>\n<p style=\"text-align: center;\"><a href=\"https:\/\/www.inclusion.gob.ec\/\" target=\"_blank\" rel=\"noopener noreferrer\" title=\"MIES\"><img loading=\"lazy\" decoding=\"async\" src=\"wp-content\/uploads\/2022\/03\/WhatsApp_Image_2021-06-04_at_18.11.281.jpeg\" alt=\"\" class=\"wp-image-473 alignnone size-full\" width=\"168\" height=\"126\" srcset=\"https:\/\/www.finesec.org\/es\/wp-content\/uploads\/2022\/03\/WhatsApp_Image_2021-06-04_at_18.11.281.jpeg 400w, https:\/\/www.finesec.org\/es\/wp-content\/uploads\/2022\/03\/WhatsApp_Image_2021-06-04_at_18.11.281-300x225.jpeg 300w\" sizes=\"auto, (max-width: 168px) 100vw, 168px\" \/><\/a><\/p>\n<p>[\/et_pb_text][\/et_pb_column][\/et_pb_row][\/et_pb_section]<\/p>\n","protected":false},"excerpt":{"rendered":"<p>[et_pb_section fb_built=\u00bb1&#8243; _builder_version=\u00bb3.0.101&#8243; custom_padding=\u00bb0px|0px|0px|0px\u00bb][et_pb_row custom_padding=\u00bb0px|0px|24px|0px\u00bb _builder_version=\u00bb3.0.101&#8243;][et_pb_column type=\u00bb4_4&#8243; _builder_version=\u00bb3.0.101&#8243; parallax=\u00bboff\u00bb parallax_method=\u00bbon\u00bb][et_pb_gallery gallery_ids=\u00bb1101,1162,1100&#8243; gallery_captions=\u00bb,,\u00bb fullwidth=\u00bbon\u00bb _builder_version=\u00bb3.0.101&#8243; animation_style=\u00bbfade\u00bb auto=\u00bbon\u00bb][\/et_pb_gallery][\/et_pb_column][\/et_pb_row][et_pb_row _builder_version=\u00bb3.0.101&#8243;][et_pb_column type=\u00bb4_4&#8243; _builder_version=\u00bb3.0.101&#8243; parallax=\u00bboff\u00bb parallax_method=\u00bbon\u00bb][et_pb_image src=\u00bbhttps:\/\/www.finesec.org\/es\/wp-content\/uploads\/2026\/02\/WhatsApp-Image-2026-01-28-at-08.25.08.jpeg\u00bb url=\u00bbhttps:\/\/www.finesec.org\/es\/montania_todos\/\u00bb url_new_window=\u00bbon\u00bb _builder_version=\u00bb3.0.101&#8243; max_width=\u00bb61%\u00bb module_alignment=\u00bbcenter\u00bb][\/et_pb_image][\/et_pb_column][\/et_pb_row][et_pb_row _builder_version=\u00bb3.0.101&#8243;][et_pb_column type=\u00bb4_4&#8243; _builder_version=\u00bb3.0.101&#8243; parallax=\u00bboff\u00bb parallax_method=\u00bbon\u00bb][et_pb_image src=\u00bbhttps:\/\/www.finesec.org\/es\/wp-content\/uploads\/2025\/09\/Blue-and-White-Corporate-Business-Agency-Banner-Horizontal-1.png\u00bb url=\u00bbhttps:\/\/www.finesec.org\/es\/#transparencia\u00bb _builder_version=\u00bb3.0.101&#8243;][\/et_pb_image][\/et_pb_column][\/et_pb_row][et_pb_row _builder_version=\u00bb3.0.101&#8243;][et_pb_column type=\u00bb4_4&#8243; _builder_version=\u00bb3.0.101&#8243; parallax=\u00bboff\u00bb parallax_method=\u00bbon\u00bb][et_pb_button button_url=\u00bbhttps:\/\/www.finesec.org\/es\/#transparencia\u00bb button_text=\u00bbIr a Transparencia y Rendici\u00f3n de Cuentas\u00bb button_alignment=\u00bbcenter\u00bb background_layout=\u00bbdark\u00bb _builder_version=\u00bb3.0.101&#8243; custom_button=\u00bbon\u00bb button_text_size=\u00bb23px\u00bb button_bg_color=\u00bb#152B5D\u00bb button_border_width=\u00bb0px\u00bb [&hellip;]<\/p>\n","protected":false},"author":1,"featured_media":0,"parent":0,"menu_order":0,"comment_status":"closed","ping_status":"closed","template":"","meta":{"footnotes":""},"class_list":["post-2","page","type-page","status-publish","hentry"],"_links":{"self":[{"href":"https:\/\/www.finesec.org\/es\/wp-json\/wp\/v2\/pages\/2","targetHints":{"allow":["GET"]}}],"collection":[{"href":"https:\/\/www.finesec.org\/es\/wp-json\/wp\/v2\/pages"}],"about":[{"href":"https:\/\/www.finesec.org\/es\/wp-json\/wp\/v2\/types\/page"}],"author":[{"embeddable":true,"href":"https:\/\/www.finesec.org\/es\/wp-json\/wp\/v2\/users\/1"}],"replies":[{"embeddable":true,"href":"https:\/\/www.finesec.org\/es\/wp-json\/wp\/v2\/comments?post=2"}],"version-history":[{"count":107,"href":"https:\/\/www.finesec.org\/es\/wp-json\/wp\/v2\/pages\/2\/revisions"}],"predecessor-version":[{"id":1457,"href":"https:\/\/www.finesec.org\/es\/wp-json\/wp\/v2\/pages\/2\/revisions\/1457"}],"wp:attachment":[{"href":"https:\/\/www.finesec.org\/es\/wp-json\/wp\/v2\/media?parent=2"}],"curies":[{"name":"wp","href":"https:\/\/api.w.org\/{rel}","templated":true}]}}